{"id":827,"date":"2021-01-15T19:32:26","date_gmt":"2021-01-15T19:32:26","guid":{"rendered":"https:\/\/juditmontal.com\/?page_id=827"},"modified":"2025-06-02T12:49:55","modified_gmt":"2025-06-02T12:49:55","slug":"judit-montal-armengou","status":"publish","type":"page","link":"https:\/\/juditmontal.com\/es\/judit-montal-armengou\/","title":{"rendered":"judit-montal-armengou"},"content":{"rendered":"\t\t<div data-elementor-type=\"wp-page\" data-elementor-id=\"827\" class=\"elementor elementor-827\">\n\t\t\t\t\t\t<section class=\"elementor-section elementor-top-section elementor-element elementor-element-798b74ec elementor-section-height-min-height elementor-section-full_width elementor-section-height-default elementor-section-items-middle\" data-id=\"798b74ec\" data-element_type=\"section\" data-e-type=\"section\" data-settings=\"{&quot;background_background&quot;:&quot;classic&quot;}\">\n\t\t\t\t\t\t\t<div class=\"elementor-background-overlay\"><\/div>\n\t\t\t\t\t\t\t<div class=\"elementor-container elementor-column-gap-default\">\n\t\t\t\t\t<div class=\"elementor-column elementor-col-100 elementor-top-column elementor-element elementor-element-33c53d53\" data-id=\"33c53d53\" data-element_type=\"column\" data-e-type=\"column\">\n\t\t\t<div class=\"elementor-widget-wrap elementor-element-populated\">\n\t\t\t\t\t\t<div class=\"elementor-element elementor-element-4c80af3a elementor-widget elementor-widget-heading\" data-id=\"4c80af3a\" data-element_type=\"widget\" data-e-type=\"widget\" data-widget_type=\"heading.default\">\n\t\t\t\t<div class=\"elementor-widget-container\">\n\t\t\t\t\t<h1 class=\"elementor-heading-title elementor-size-default\">Judit Montal<\/BR> Poniendo en valor negocios como el tuyo desde 2010<\/h1>\t\t\t\t<\/div>\n\t\t\t\t<\/div>\n\t\t\t\t<div class=\"elementor-element elementor-element-2a1c14a5 elementor-widget elementor-widget-text-editor\" data-id=\"2a1c14a5\" data-element_type=\"widget\" data-e-type=\"widget\" data-widget_type=\"text-editor.default\">\n\t\t\t\t<div class=\"elementor-widget-container\">\n\t\t\t\t\t\t\t\t\t<p style=\"text-align: center;\">Acompa\u00f1o a personas y equipos a descubrir y destacar todo su valor, ya expandirse con sentido, estrategia y autenticidad<\/p>\t\t\t\t\t\t\t\t<\/div>\n\t\t\t\t<\/div>\n\t\t\t\t\t<\/div>\n\t\t<\/div>\n\t\t\t\t\t<\/div>\n\t\t<\/section>\n\t\t\t\t<section class=\"elementor-section elementor-top-section elementor-element elementor-element-63b27c2 elementor-section-boxed elementor-section-height-default elementor-section-height-default\" data-id=\"63b27c2\" data-element_type=\"section\" data-e-type=\"section\" data-settings=\"{&quot;background_background&quot;:&quot;classic&quot;}\">\n\t\t\t\t\t\t\t<div class=\"elementor-background-overlay\"><\/div>\n\t\t\t\t\t\t\t<div class=\"elementor-container elementor-column-gap-default\">\n\t\t\t\t\t<div class=\"elementor-column elementor-col-50 elementor-top-column elementor-element elementor-element-df4b4d9\" data-id=\"df4b4d9\" data-element_type=\"column\" data-e-type=\"column\">\n\t\t\t<div class=\"elementor-widget-wrap elementor-element-populated\">\n\t\t\t\t\t\t<div class=\"elementor-element elementor-element-39e7fe2 elementor-widget elementor-widget-text-editor\" data-id=\"39e7fe2\" data-element_type=\"widget\" data-e-type=\"widget\" data-widget_type=\"text-editor.default\">\n\t\t\t\t<div class=\"elementor-widget-container\">\n\t\t\t\t\t\t\t\t\t<h3>Creo en las personas que persiguen sus objetivos empresariales y, a su vez, son capaces de contribuir a la mejora de nuestra sociedad con sus productos, servicios y decisiones.<\/h3><p>Los que cada d\u00eda piense en c\u00f3mo mejorar un negocio y la relaci\u00f3n con los clientes. Este tipo de personas es el verdadero valor de las empresas, porque consigue conectar con su p\u00fablico y clientes.<\/p><p>Pero, desgraciadamente, de poco sirve tener un buen producto y ofrecer un gran trato al cliente, si no lo sabe comunicar o si lo que comunica no llega a la persona adecuada, de la manera adecuada y en el momento oportuno.<\/p><p><strong>Y aqu\u00ed es donde me gusta contribuir: ayudando a descubrir y destacar todo tu valor (y el de tu equipo) para potenciarlo y comunicarlo con sentido, estrategia y autenticidad.<\/strong><\/p>\t\t\t\t\t\t\t\t<\/div>\n\t\t\t\t<\/div>\n\t\t\t\t\t<\/div>\n\t\t<\/div>\n\t\t\t\t<div class=\"elementor-column elementor-col-50 elementor-top-column elementor-element elementor-element-f7bba0e\" data-id=\"f7bba0e\" data-element_type=\"column\" data-e-type=\"column\">\n\t\t\t<div class=\"elementor-widget-wrap elementor-element-populated\">\n\t\t\t\t\t\t<div class=\"elementor-element elementor-element-3908fde elementor-widget elementor-widget-image\" data-id=\"3908fde\" data-element_type=\"widget\" data-e-type=\"widget\" data-widget_type=\"image.default\">\n\t\t\t\t<div class=\"elementor-widget-container\">\n\t\t\t\t\t\t\t\t\t\t\t\t\t\t\t<img fetchpriority=\"high\" decoding=\"async\" width=\"683\" height=\"1024\" src=\"https:\/\/juditmontal.com\/wp-content\/uploads\/2021\/01\/judit-montal-armengou-683x1024.png\" class=\"attachment-large size-large wp-image-831\" alt=\"judit-montal-armengou\" srcset=\"https:\/\/juditmontal.com\/wp-content\/uploads\/2021\/01\/judit-montal-armengou-683x1024.png 683w, https:\/\/juditmontal.com\/wp-content\/uploads\/2021\/01\/judit-montal-armengou-200x300.png 200w, https:\/\/juditmontal.com\/wp-content\/uploads\/2021\/01\/judit-montal-armengou-768x1152.png 768w, https:\/\/juditmontal.com\/wp-content\/uploads\/2021\/01\/judit-montal-armengou-1024x1536.png 1024w, https:\/\/juditmontal.com\/wp-content\/uploads\/2021\/01\/judit-montal-armengou.png 1200w\" sizes=\"(max-width: 683px) 100vw, 683px\" \/>\t\t\t\t\t\t\t\t\t\t\t\t\t\t\t<\/div>\n\t\t\t\t<\/div>\n\t\t\t\t\t<\/div>\n\t\t<\/div>\n\t\t\t\t\t<\/div>\n\t\t<\/section>\n\t\t\t\t<section class=\"elementor-section elementor-top-section elementor-element elementor-element-935a733 elementor-section-boxed elementor-section-height-default elementor-section-height-default\" data-id=\"935a733\" data-element_type=\"section\" data-e-type=\"section\">\n\t\t\t\t\t\t<div class=\"elementor-container elementor-column-gap-default\">\n\t\t\t\t\t<div class=\"elementor-column elementor-col-100 elementor-top-column elementor-element elementor-element-bfc89a7\" data-id=\"bfc89a7\" data-element_type=\"column\" data-e-type=\"column\">\n\t\t\t<div class=\"elementor-widget-wrap elementor-element-populated\">\n\t\t\t\t\t\t<div class=\"elementor-element elementor-element-4346fbf elementor-widget elementor-widget-text-editor\" data-id=\"4346fbf\" data-element_type=\"widget\" data-e-type=\"widget\" data-widget_type=\"text-editor.default\">\n\t\t\t\t<div class=\"elementor-widget-container\">\n\t\t\t\t\t\t\t\t\t<h4 style=\"text-align: center;\">\u00bfSabes cu\u00e1l es el principal motivo para dedicarme a ello?<\/h4><h3 style=\"text-align: center;\">Creo que cuando reconectamos con el prop\u00f3sito empresarial e impulsamos a las personas, las marcas crecen, los negocios se fortalecen y el impacto se expande.<\/h3><p style=\"text-align: center;\">En ning\u00fan momento de la historia\u00a0las marcas hab\u00edan estado tan cerca de sus consumidores.<\/p><p style=\"text-align: center;\">Internet ha acercado marcas y consumidores. Ellos son los protagonistas de esta nueva era de Internet y, no interactuar con ellos para convencerlos a trav\u00e9s de este medio <strong>sinceramente, creo que ser\u00eda una p\u00e9rdida de oportunidades para todos.<\/strong><\/p><p style=\"text-align: center;\">Actualmente las empresas adem\u00e1s de ofrecer valor y diferenciarse, deben interactuar y conectar con su p\u00fablico para conseguir ser referentes y generar ventas.<\/p><p style=\"text-align: center;\">\u00c9ste es el principal motivo por el que adoro mi trabajo:<\/p><h3 style=\"text-align: center;\">Asesorarte y pensar c\u00f3mo difundir tus productos o servicios poniendo ante todo a las PERSONAS.<\/h3>\t\t\t\t\t\t\t\t<\/div>\n\t\t\t\t<\/div>\n\t\t\t\t<div class=\"elementor-element elementor-element-57a234a9 elementor-align-center elementor-widget elementor-widget-button\" data-id=\"57a234a9\" data-element_type=\"widget\" data-e-type=\"widget\" data-widget_type=\"button.default\">\n\t\t\t\t<div class=\"elementor-widget-container\">\n\t\t\t\t\t\t\t\t\t<div class=\"elementor-button-wrapper\">\n\t\t\t\t\t<a class=\"elementor-button elementor-button-link elementor-size-sm\" href=\"https:\/\/juditmontal.com\/copiadeseguretat\/ca\/ca-contacte-judit-montal\/\">\n\t\t\t\t\t\t<span class=\"elementor-button-content-wrapper\">\n\t\t\t\t\t\t\t\t\t<span class=\"elementor-button-text\">\u00bfQUIERES QUE NOS PONEMOS? CONTACTA PARA SABER C\u00d3MO<\/span>\n\t\t\t\t\t<\/span>\n\t\t\t\t\t<\/a>\n\t\t\t\t<\/div>\n\t\t\t\t\t\t\t\t<\/div>\n\t\t\t\t<\/div>\n\t\t\t\t\t<\/div>\n\t\t<\/div>\n\t\t\t\t\t<\/div>\n\t\t<\/section>\n\t\t\t\t<section class=\"elementor-section elementor-top-section elementor-element elementor-element-705b5953 elementor-section-boxed elementor-section-height-default elementor-section-height-default\" data-id=\"705b5953\" data-element_type=\"section\" data-e-type=\"section\" data-settings=\"{&quot;background_background&quot;:&quot;classic&quot;}\">\n\t\t\t\t\t\t<div class=\"elementor-container elementor-column-gap-default\">\n\t\t\t\t\t<div class=\"elementor-column elementor-col-100 elementor-top-column elementor-element elementor-element-5f841b63\" data-id=\"5f841b63\" data-element_type=\"column\" data-e-type=\"column\">\n\t\t\t<div class=\"elementor-widget-wrap elementor-element-populated\">\n\t\t\t\t\t\t<div class=\"elementor-element elementor-element-16b41248 elementor-widget elementor-widget-text-editor\" data-id=\"16b41248\" data-element_type=\"widget\" data-e-type=\"widget\" data-widget_type=\"text-editor.default\">\n\t\t\t\t<div class=\"elementor-widget-container\">\n\t\t\t\t\t\t\t\t\t<h3 style=\"text-align: center;\">Si quieres potenciar tu negocio con acciones estrat\u00e9gicas de Marketing y comunicai\u00f3n,<\/h3><h4 style=\"text-align: center;\">\u00a1Me gustar\u00eda ayudarte!<\/h4><h3 style=\"text-align: center;\">\u00a0<\/h3>\t\t\t\t\t\t\t\t<\/div>\n\t\t\t\t<\/div>\n\t\t\t\t\t<\/div>\n\t\t<\/div>\n\t\t\t\t\t<\/div>\n\t\t<\/section>\n\t\t\t\t<section class=\"elementor-section elementor-top-section elementor-element elementor-element-d3313e8 elementor-section-boxed elementor-section-height-default elementor-section-height-default\" data-id=\"d3313e8\" data-element_type=\"section\" data-e-type=\"section\">\n\t\t\t\t\t\t\t<div class=\"elementor-background-overlay\"><\/div>\n\t\t\t\t\t\t\t<div class=\"elementor-container elementor-column-gap-default\">\n\t\t\t\t\t<div class=\"elementor-column elementor-col-100 elementor-top-column elementor-element elementor-element-a1b4a59\" data-id=\"a1b4a59\" data-element_type=\"column\" data-e-type=\"column\">\n\t\t\t<div class=\"elementor-widget-wrap elementor-element-populated\">\n\t\t\t\t\t\t<div class=\"elementor-element elementor-element-6c9ea83 elementor-widget elementor-widget-text-editor\" data-id=\"6c9ea83\" data-element_type=\"widget\" data-e-type=\"widget\" data-widget_type=\"text-editor.default\">\n\t\t\t\t<div class=\"elementor-widget-container\">\n\t\t\t\t\t\t\t\t\t<h2 style=\"text-align: center;\">Mi nombre es Judit Montal<\/h2><h3 style=\"text-align: center;\">Soy consultora de Marketing Digital<\/h3><p style=\"text-align: center;\"><strong>Desde 1997 me dedico a la Estrategia, Marketing y Comunicaci\u00f3n para transformar, impulsar e impactar.\u00a0<\/strong><\/p><p style=\"text-align: center;\">He trabajado con profesionales y empresas de todos los sectores y tama\u00f1os, industriales, servicios, tur\u00edsticas y comercios.<\/p><p style=\"text-align: center;\">Todas ellas tienen algo en com\u00fan: Son empresas que desean una mayor visibilidad de sus negocios, impulsar su <strong>valor y el de tu marca para crecer con prop\u00f3sito y conseguir un impacto positivo.<\/strong><\/p>\t\t\t\t\t\t\t\t<\/div>\n\t\t\t\t<\/div>\n\t\t\t\t\t<\/div>\n\t\t<\/div>\n\t\t\t\t\t<\/div>\n\t\t<\/section>\n\t\t\t\t<section class=\"elementor-section elementor-top-section elementor-element elementor-element-4a536399 elementor-section-content-middle elementor-section-stretched elementor-section-full_width elementor-section-height-default elementor-section-height-default\" data-id=\"4a536399\" data-element_type=\"section\" data-e-type=\"section\" data-settings=\"{&quot;stretch_section&quot;:&quot;section-stretched&quot;}\">\n\t\t\t\t\t\t<div class=\"elementor-container elementor-column-gap-wider\">\n\t\t\t\t\t<div class=\"elementor-column elementor-col-50 elementor-top-column elementor-element elementor-element-6d7dbb45\" data-id=\"6d7dbb45\" data-element_type=\"column\" data-e-type=\"column\">\n\t\t\t<div class=\"elementor-widget-wrap elementor-element-populated\">\n\t\t\t\t\t\t<div class=\"elementor-element elementor-element-5c13b56 elementor-widget elementor-widget-image\" data-id=\"5c13b56\" data-element_type=\"widget\" data-e-type=\"widget\" data-widget_type=\"image.default\">\n\t\t\t\t<div class=\"elementor-widget-container\">\n\t\t\t\t\t\t\t\t\t\t\t\t\t\t\t<img decoding=\"async\" width=\"1024\" height=\"764\" src=\"https:\/\/juditmontal.com\/wp-content\/uploads\/2024\/07\/judit-montal-armengou_1-1-1024x764.png\" class=\"attachment-large size-large wp-image-10057\" alt=\"\" srcset=\"https:\/\/juditmontal.com\/wp-content\/uploads\/2024\/07\/judit-montal-armengou_1-1-1024x764.png 1024w, https:\/\/juditmontal.com\/wp-content\/uploads\/2024\/07\/judit-montal-armengou_1-1-300x224.png 300w, https:\/\/juditmontal.com\/wp-content\/uploads\/2024\/07\/judit-montal-armengou_1-1-768x573.png 768w, https:\/\/juditmontal.com\/wp-content\/uploads\/2024\/07\/judit-montal-armengou_1-1.png 1419w\" sizes=\"(max-width: 1024px) 100vw, 1024px\" \/>\t\t\t\t\t\t\t\t\t\t\t\t\t\t\t<\/div>\n\t\t\t\t<\/div>\n\t\t\t\t\t<\/div>\n\t\t<\/div>\n\t\t\t\t<div class=\"elementor-column elementor-col-50 elementor-top-column elementor-element elementor-element-81de03d\" data-id=\"81de03d\" data-element_type=\"column\" data-e-type=\"column\" data-settings=\"{&quot;background_background&quot;:&quot;classic&quot;}\">\n\t\t\t<div class=\"elementor-widget-wrap elementor-element-populated\">\n\t\t\t\t\t\t<div class=\"elementor-element elementor-element-60b23c8 elementor-widget elementor-widget-text-editor\" data-id=\"60b23c8\" data-element_type=\"widget\" data-e-type=\"widget\" data-widget_type=\"text-editor.default\">\n\t\t\t\t<div class=\"elementor-widget-container\">\n\t\t\t\t\t\t\t\t\t<p><strong>Licenciada en Marketing y tambi\u00e9n en Administraci\u00f3n y direcci\u00f3n de empresas,<\/strong> con dos posgrados de Marketing. Inici\u00e9 mi trayectoria profesional en 1997 en la vertiente de los estudios de mercado.<\/p><p>Entiendo el Marketing Digital desde la vertiente empresarial.<\/p><p><strong>Creo que los buenos productos y servicios se han de dar a conocer y contribuir a generar prosperidad.<\/strong><\/p>\t\t\t\t\t\t\t\t<\/div>\n\t\t\t\t<\/div>\n\t\t\t\t\t<\/div>\n\t\t<\/div>\n\t\t\t\t\t<\/div>\n\t\t<\/section>\n\t\t\t\t<section class=\"elementor-section elementor-top-section elementor-element elementor-element-68d71b7c elementor-section-boxed elementor-section-height-default elementor-section-height-default\" data-id=\"68d71b7c\" data-element_type=\"section\" data-e-type=\"section\">\n\t\t\t\t\t\t<div class=\"elementor-container elementor-column-gap-default\">\n\t\t\t\t\t<div class=\"elementor-column elementor-col-50 elementor-top-column elementor-element elementor-element-739dc49\" data-id=\"739dc49\" data-element_type=\"column\" data-e-type=\"column\">\n\t\t\t<div class=\"elementor-widget-wrap elementor-element-populated\">\n\t\t\t\t\t\t<div class=\"elementor-element elementor-element-c7e507f elementor-widget elementor-widget-text-editor\" data-id=\"c7e507f\" data-element_type=\"widget\" data-e-type=\"widget\" data-widget_type=\"text-editor.default\">\n\t\t\t\t<div class=\"elementor-widget-container\">\n\t\t\t\t\t\t\t\t\t<div class=\"wpb_row wf-container\"><div class=\"vc_col-sm-6 wpb_column column_container \"><div class=\"wpb_wrapper\"><div class=\"wpb_text_column wpb_content_element vc_custom_1601650169535 \"><div class=\"wpb_wrapper\"><ul><li>Estoy <strong>acreditada<\/strong> y he colaborado con diferentes organismos como asesora y formadora de Marketing<strong>: ACCI\u00d3N, CCAM, Diputaci\u00f3n de Girona, Diputaci\u00f3n de Barcelona, \u200b\u200bPIMEC <\/strong>y es donde pude ver que tambi\u00e9n hay empresas, m\u00e1s aut\u00f3nomas que, aunque gestionen el Marketing desde su empresa <strong>buscan. Por este motivo, a trav\u00e9s de las consultor\u00edas y formaciones puedo formar parte de sus proyectos, aportando propuestas, valor\u00e1ndolas conjuntamente e implic\u00e1ndome para conseguir los mejores resultados.<\/strong><\/li><\/ul><p>\u00a0<\/p><ul><li>Estoy convencida de que parte de lo aprendido, hay que volver a la sociedad para poder avanzar, por eso colaboro como <strong>tutora del Grado de Marketing e Investigaci\u00f3n de mercados<\/strong> en la UOC desde 2012.<\/li><\/ul><\/div><\/div><\/div><\/div><div class=\"vc_col-sm-6 wpb_column column_container \"><div class=\"wpb_wrapper\"><div class=\"wpb_single_image wpb_content_element vc_align_right\"><div class=\"wpb_wrapper\"><div class=\"vc_single_image-wrapper \">\u00a0<\/div><\/div><\/div><\/div><\/div><\/div>\t\t\t\t\t\t\t\t<\/div>\n\t\t\t\t<\/div>\n\t\t\t\t\t<\/div>\n\t\t<\/div>\n\t\t\t\t<div class=\"elementor-column elementor-col-50 elementor-top-column elementor-element elementor-element-33d574d\" data-id=\"33d574d\" data-element_type=\"column\" data-e-type=\"column\">\n\t\t\t<div class=\"elementor-widget-wrap elementor-element-populated\">\n\t\t\t\t\t\t<div class=\"elementor-element elementor-element-10623556 elementor-widget elementor-widget-image\" data-id=\"10623556\" data-element_type=\"widget\" data-e-type=\"widget\" data-widget_type=\"image.default\">\n\t\t\t\t<div class=\"elementor-widget-container\">\n\t\t\t\t\t\t\t\t\t\t\t\t\t\t\t<img decoding=\"async\" width=\"600\" height=\"440\" src=\"https:\/\/juditmontal.com\/wp-content\/uploads\/2024\/07\/marketing-comunicacio-publicitat-vic-osona01.jpg\" class=\"attachment-large size-large wp-image-10059\" alt=\"Marketing digital y comunicaci\u00f3n Vic, Osona | Judit Montal Asesora\" srcset=\"https:\/\/juditmontal.com\/wp-content\/uploads\/2024\/07\/marketing-comunicacio-publicitat-vic-osona01.jpg 600w, https:\/\/juditmontal.com\/wp-content\/uploads\/2024\/07\/marketing-comunicacio-publicitat-vic-osona01-300x220.jpg 300w\" sizes=\"(max-width: 600px) 100vw, 600px\" \/>\t\t\t\t\t\t\t\t\t\t\t\t\t\t\t<\/div>\n\t\t\t\t<\/div>\n\t\t\t\t\t<\/div>\n\t\t<\/div>\n\t\t\t\t\t<\/div>\n\t\t<\/section>\n\t\t\t\t<section class=\"elementor-section elementor-top-section elementor-element elementor-element-14bdb32 elementor-section-boxed elementor-section-height-default elementor-section-height-default\" data-id=\"14bdb32\" data-element_type=\"section\" data-e-type=\"section\" data-settings=\"{&quot;background_background&quot;:&quot;classic&quot;}\">\n\t\t\t\t\t\t\t<div class=\"elementor-background-overlay\"><\/div>\n\t\t\t\t\t\t\t<div class=\"elementor-container elementor-column-gap-default\">\n\t\t\t\t\t<div class=\"elementor-column elementor-col-100 elementor-top-column elementor-element elementor-element-a0d1c92\" data-id=\"a0d1c92\" data-element_type=\"column\" data-e-type=\"column\">\n\t\t\t<div class=\"elementor-widget-wrap elementor-element-populated\">\n\t\t\t\t\t\t<div class=\"elementor-element elementor-element-ad883a3 elementor-widget elementor-widget-text-editor\" data-id=\"ad883a3\" data-element_type=\"widget\" data-e-type=\"widget\" data-widget_type=\"text-editor.default\">\n\t\t\t\t<div class=\"elementor-widget-container\">\n\t\t\t\t\t\t\t\t\t<section data-vc-full-width=\"true\" data-vc-full-width-init=\"true\">\n<div>\n<div>\n<div>\n<div>\n<div>\n<h3 style=\"text-align: center;\">Un hecho curioso, \u00a1o no tanto!<\/h3>\n<\/div>\n<\/div>\n<\/div>\n<\/div>\n<\/div>\n<\/section>\n<section data-vc-full-width=\"true\" data-vc-full-width-init=\"true\">\n<div>\n<div>\n<div>\n<div>\n<div>\n<h4 style=\"text-align: center;\">\u00bfTe he dicho que vengo de familia emprendedora?<\/h4>\n<p style=\"text-align: center;\">Mis padres ten\u00edan su propia empresa (cada uno la suya).<\/p>\n<p style=\"text-align: center;\">Mis dos abuelos y abuelas tambi\u00e9n. Curiosamente las dos abuelas ten\u00edan su propio proyecto (en la medida de las posibilidades de la \u00e9poca) independientemente de sus maridos.<br>\u00a1Esto s\u00ed que era emprender!<\/p>\n<p style=\"text-align: center;\">Todo ello, supongo que ha hecho que me sintiera familiarizada con el emprendimiento y que desde los 29 a\u00f1os (2002), no pudiera concebir mi vida profesional de otra manera.<\/p>\n<\/div>\n<\/div>\n<\/div>\n<\/div>\n<\/div>\n<\/section>\t\t\t\t\t\t\t\t<\/div>\n\t\t\t\t<\/div>\n\t\t\t\t\t<\/div>\n\t\t<\/div>\n\t\t\t\t\t<\/div>\n\t\t<\/section>\n\t\t\t\t<section class=\"elementor-section elementor-top-section elementor-element elementor-element-7423bd9 elementor-section-full_width elementor-section-content-middle elementor-section-height-default elementor-section-height-default\" data-id=\"7423bd9\" data-element_type=\"section\" data-e-type=\"section\" data-settings=\"{&quot;background_background&quot;:&quot;classic&quot;}\">\n\t\t\t\t\t\t\t<div class=\"elementor-background-overlay\"><\/div>\n\t\t\t\t\t\t\t<div class=\"elementor-container elementor-column-gap-default\">\n\t\t\t\t\t<div class=\"elementor-column elementor-col-50 elementor-top-column elementor-element elementor-element-74b7019\" data-id=\"74b7019\" data-element_type=\"column\" data-e-type=\"column\">\n\t\t\t<div class=\"elementor-widget-wrap elementor-element-populated\">\n\t\t\t\t\t\t<div class=\"elementor-element elementor-element-9deb1d4 elementor-widget elementor-widget-text-editor\" data-id=\"9deb1d4\" data-element_type=\"widget\" data-e-type=\"widget\" data-widget_type=\"text-editor.default\">\n\t\t\t\t<div class=\"elementor-widget-container\">\n\t\t\t\t\t\t\t\t\t<h3>Si quieres saber c\u00f3mo es trabajar conmigo&#8230;<\/h3>\t\t\t\t\t\t\t\t<\/div>\n\t\t\t\t<\/div>\n\t\t\t\t\t<\/div>\n\t\t<\/div>\n\t\t\t\t<div class=\"elementor-column elementor-col-50 elementor-top-column elementor-element elementor-element-4ab6449\" data-id=\"4ab6449\" data-element_type=\"column\" data-e-type=\"column\">\n\t\t\t<div class=\"elementor-widget-wrap elementor-element-populated\">\n\t\t\t\t\t\t<div class=\"elementor-element elementor-element-a98df8f elementor-widget elementor-widget-text-editor\" data-id=\"a98df8f\" data-element_type=\"widget\" data-e-type=\"widget\" data-widget_type=\"text-editor.default\">\n\t\t\t\t<div class=\"elementor-widget-container\">\n\t\t\t\t\t\t\t\t\t<div class=\"wpb_column vc_column_container vc_col-sm-6\">\n<div class=\"vc_column-inner \">\n<div class=\"wpb_wrapper\">\n<div class=\"standard-arrow\">\n<ul>\n \t<li>Creo en las <strong>sinergias<\/strong> entre las personas (en 2010 cre\u00e9 una empresa llamada Sinergia). Gracias a estas sinergias, en las consultor\u00edas salen las mejores ideas.<\/li>\n \t<li>Me gusta la gente comprometida y, cuando los conozco, me resulta f\u00e1cil implicarme desde el primer momento.<\/li>\n \t<li>Los n\u00fameros son importantes, pero no vienen ni asustan. Durante mucho tiempo he trabajado con datos (estudios de mercado). Ahora tengo la posibilidad de acceder a todas las estad\u00edsticas en tiempo real<\/li>\n \t<li><strong>El valor de mi servicio radica m\u00e1s en pensar y crear<\/strong>. Si necesitas ayuda para implementar o gestionar las acciones que planteamos en las consultor\u00edas, estudiaremos la mejor forma de dar respuesta a tu necesidad.<\/li>\n<\/ul>\n<\/div>\n<\/div>\n<\/div>\n<\/div>\t\t\t\t\t\t\t\t<\/div>\n\t\t\t\t<\/div>\n\t\t\t\t\t<\/div>\n\t\t<\/div>\n\t\t\t\t\t<\/div>\n\t\t<\/section>\n\t\t\t\t<section class=\"elementor-section elementor-top-section elementor-element elementor-element-2daf8b1 elementor-section-boxed elementor-section-height-default elementor-section-height-default\" data-id=\"2daf8b1\" data-element_type=\"section\" data-e-type=\"section\" data-settings=\"{&quot;background_background&quot;:&quot;classic&quot;}\">\n\t\t\t\t\t\t\t<div class=\"elementor-background-overlay\"><\/div>\n\t\t\t\t\t\t\t<div class=\"elementor-container elementor-column-gap-default\">\n\t\t\t\t\t<div class=\"elementor-column elementor-col-100 elementor-top-column elementor-element elementor-element-07737ae\" data-id=\"07737ae\" data-element_type=\"column\" data-e-type=\"column\">\n\t\t\t<div class=\"elementor-widget-wrap elementor-element-populated\">\n\t\t\t\t\t\t<div class=\"elementor-element elementor-element-39c15a2 elementor-widget elementor-widget-text-editor\" data-id=\"39c15a2\" data-element_type=\"widget\" data-e-type=\"widget\" data-widget_type=\"text-editor.default\">\n\t\t\t\t<div class=\"elementor-widget-container\">\n\t\t\t\t\t\t\t\t\t<div><div><div><div><div><h4 style=\"text-align: center;\">Quiero ayudarte a mejorar los resultados de tu negocio, buscando y valorando diferentes opciones, hasta alcanzar la estrategia de Marketing Digital m\u00e1s adecuada para tu empresa.<\/h4><\/div><\/div><h3 style=\"text-align: center;\">\u00a0<\/h3><\/div><\/div><\/div><div><div><div><div><div><h3 style=\"text-align: center;\">Si has llegado hasta aqu\u00ed y lo que has le\u00eddo te ha gustado,<br \/>si quieres potenciar tu negocio desde ahora mismo.<\/h3><\/div><\/div><\/div><\/div><\/div>\t\t\t\t\t\t\t\t<\/div>\n\t\t\t\t<\/div>\n\t\t\t\t\t<\/div>\n\t\t<\/div>\n\t\t\t\t\t<\/div>\n\t\t<\/section>\n\t\t\t\t<\/div>\n\t\t","protected":false},"excerpt":{"rendered":"<p>Judit Montal Poniendo en valor negocios como el tuyo desde 2010 Acompa\u00f1o a personas y equipos a descubrir y destacar todo su valor, ya expandirse con sentido, estrategia y autenticidad Creo en las personas que persiguen sus objetivos empresariales y, a su vez, son capaces de contribuir a la mejora de nuestra sociedad con sus&hellip;&nbsp;<a href=\"https:\/\/juditmontal.com\/es\/judit-montal-armengou\/\" rel=\"bookmark\">Leer m\u00e1s &raquo;<span class=\"screen-reader-text\">judit-montal-armengou<\/span><\/a><\/p>\n","protected":false},"author":1,"featured_media":0,"parent":0,"menu_order":0,"comment_status":"closed","ping_status":"closed","template":"page-templates\/template-pagebuilder-full-width.php","meta":{"neve_meta_sidebar":"","neve_meta_container":"","neve_meta_enable_content_width":"","neve_meta_content_width":0,"neve_meta_title_alignment":"","neve_meta_author_avatar":"","neve_post_elements_order":"","neve_meta_disable_header":"","neve_meta_disable_footer":"","neve_meta_disable_title":"","footnotes":""},"class_list":["post-827","page","type-page","status-publish","hentry"],"_links":{"self":[{"href":"https:\/\/juditmontal.com\/es\/wp-json\/wp\/v2\/pages\/827","targetHints":{"allow":["GET"]}}],"collection":[{"href":"https:\/\/juditmontal.com\/es\/wp-json\/wp\/v2\/pages"}],"about":[{"href":"https:\/\/juditmontal.com\/es\/wp-json\/wp\/v2\/types\/page"}],"author":[{"embeddable":true,"href":"https:\/\/juditmontal.com\/es\/wp-json\/wp\/v2\/users\/1"}],"replies":[{"embeddable":true,"href":"https:\/\/juditmontal.com\/es\/wp-json\/wp\/v2\/comments?post=827"}],"version-history":[{"count":119,"href":"https:\/\/juditmontal.com\/es\/wp-json\/wp\/v2\/pages\/827\/revisions"}],"predecessor-version":[{"id":14257,"href":"https:\/\/juditmontal.com\/es\/wp-json\/wp\/v2\/pages\/827\/revisions\/14257"}],"wp:attachment":[{"href":"https:\/\/juditmontal.com\/es\/wp-json\/wp\/v2\/media?parent=827"}],"curies":[{"name":"wp","href":"https:\/\/api.w.org\/{rel}","templated":true}]}}